{"id":1034,"date":"2025-01-16T22:02:22","date_gmt":"2025-01-16T21:02:22","guid":{"rendered":"https:\/\/www.pimefactura.net\/?page_id=1034"},"modified":"2025-09-05T09:40:30","modified_gmt":"2025-09-05T07:40:30","slug":"preguntes-frequents","status":"publish","type":"page","link":"https:\/\/www.pimefactura.net\/ca\/preguntes-frequents\/","title":{"rendered":"Preguntes freq\u00fcents"},"content":{"rendered":"\t\t<div data-elementor-type=\"wp-page\" data-elementor-id=\"1034\" class=\"elementor elementor-1034 elementor-895\" data-elementor-post-type=\"page\">\n\t\t\t\t<div class=\"elementor-element elementor-element-3aa3f5f9 e-flex e-con-boxed e-con e-parent\" data-id=\"3aa3f5f9\" data-element_type=\"container\" data-settings=\"{&quot;background_background&quot;:&quot;classic&quot;}\">\n\t\t\t\t\t<div class=\"e-con-inner\">\n\t\t\t\t<div class=\"elementor-element elementor-element-deca577 elementor-widget elementor-widget-heading\" data-id=\"deca577\" data-element_type=\"widget\" data-widget_type=\"heading.default\">\n\t\t\t\t<div class=\"elementor-widget-container\">\n\t\t\t\t\t<h1 class=\"elementor-heading-title elementor-size-default\">Preguntes freq\u00fcents<\/h1>\t\t\t\t<\/div>\n\t\t\t\t<\/div>\n\t\t\t\t<div class=\"elementor-element elementor-element-15727b7 elementor-align-center elementor-widget elementor-widget-button\" data-id=\"15727b7\" data-element_type=\"widget\" data-widget_type=\"button.default\">\n\t\t\t\t<div class=\"elementor-widget-container\">\n\t\t\t\t\t\t\t\t\t<div class=\"elementor-button-wrapper\">\n\t\t\t\t\t<a class=\"elementor-button elementor-button-link elementor-size-sm\" href=\"https:\/\/app.b2brouter.net\/ca\/register?r=pimec\" target=\"_blank\">\n\t\t\t\t\t\t<span class=\"elementor-button-content-wrapper\">\n\t\t\t\t\t\t\t\t\t<span class=\"elementor-button-text\">COMEN\u00c7AR GRATIS<\/span>\n\t\t\t\t\t<\/span>\n\t\t\t\t\t<\/a>\n\t\t\t\t<\/div>\n\t\t\t\t\t\t\t\t<\/div>\n\t\t\t\t<\/div>\n\t\t\t\t\t<\/div>\n\t\t\t\t<\/div>\n\t\t<div class=\"elementor-element elementor-element-1aee483 e-flex e-con-boxed e-con e-parent\" data-id=\"1aee483\" data-element_type=\"container\">\n\t\t\t\t\t<div class=\"e-con-inner\">\n\t\t\t\t<div class=\"elementor-element elementor-element-e1353ed elementor-widget elementor-widget-n-accordion\" data-id=\"e1353ed\" data-element_type=\"widget\" data-settings=\"{&quot;default_state&quot;:&quot;all_collapsed&quot;,&quot;max_items_expended&quot;:&quot;one&quot;,&quot;n_accordion_animation_duration&quot;:{&quot;unit&quot;:&quot;ms&quot;,&quot;size&quot;:400,&quot;sizes&quot;:[]}}\" data-widget_type=\"nested-accordion.default\">\n\t\t\t\t<div class=\"elementor-widget-container\">\n\t\t\t\t\t\t\t<div class=\"e-n-accordion\" aria-label=\"Accordion. Open links with Enter or Space, close with Escape, and navigate with Arrow Keys\">\n\t\t\t\t\t\t<details id=\"e-n-accordion-item-2360\" class=\"e-n-accordion-item\" >\n\t\t\t\t<summary class=\"e-n-accordion-item-title\" data-accordion-index=\"1\" tabindex=\"0\" aria-expanded=\"false\" aria-controls=\"e-n-accordion-item-2360\" >\n\t\t\t\t\t<span class='e-n-accordion-item-title-header'><div class=\"e-n-accordion-item-title-text\"> Qui som <\/div><\/span>\n\t\t\t\t\t\t\t<span class='e-n-accordion-item-title-icon'>\n\t\t\t<span class='e-opened' ><i aria-hidden=\"true\" class=\"lnr lnr-chevron-up\"><\/i><\/span>\n\t\t\t<span class='e-closed'><i aria-hidden=\"true\" class=\" ti-angle-down\"><\/i><\/span>\n\t\t<\/span>\n\n\t\t\t\t\t\t<\/summary>\n\t\t\t\t<div role=\"region\" aria-labelledby=\"e-n-accordion-item-2360\" class=\"elementor-element elementor-element-3b56da9 e-con-full e-flex e-con e-child\" data-id=\"3b56da9\" data-element_type=\"container\">\n\t\t\t\t<div class=\"elementor-element elementor-element-f1d2c99 elementor-widget elementor-widget-text-editor\" data-id=\"f1d2c99\" data-element_type=\"widget\" data-widget_type=\"text-editor.default\">\n\t\t\t\t<div class=\"elementor-widget-container\">\n\t\t\t\t\t\t\t\t\t<p><strong>PIMEC<\/strong> \u00e9s l\u2019organitzaci\u00f3 empresarial m\u00e9s representativa de Catalunya que representa i defensa els interessos de les micro, petites i mitjanes empreses i persones aut\u00f2nomes, i treballa per afavorir el creixement empresarial i la competitivitat en benefici del progr\u00e9s social i econ\u00f2mic del pa\u00eds.<br \/><br \/><strong>B2Brouter<\/strong>, \u00e9s una empresa tecnol\u00f2gica amb Seu principal a Catalunya i oficines en diversos pa\u00efsos.<\/p><p>Actualment, la plataforma\u00a0 gestiona m\u00e9s de 2.500.000 transaccions anuals de m\u00e9s de 100 pa\u00efsos, sent un dels principals prestadors de serveis de facturaci\u00f3 electr\u00f2nica a l&#8217;Estat Espanyol.<\/p>\t\t\t\t\t\t\t\t<\/div>\n\t\t\t\t<\/div>\n\t\t\t\t<\/div>\n\t\t\t\t\t<\/details>\n\t\t\t\t\t\t<details id=\"e-n-accordion-item-2361\" class=\"e-n-accordion-item\" >\n\t\t\t\t<summary class=\"e-n-accordion-item-title\" data-accordion-index=\"2\" tabindex=\"-1\" aria-expanded=\"false\" aria-controls=\"e-n-accordion-item-2361\" >\n\t\t\t\t\t<span class='e-n-accordion-item-title-header'><div class=\"e-n-accordion-item-title-text\"> Ara, pimefactura \u00e9s B2Brouter <\/div><\/span>\n\t\t\t\t\t\t\t<span class='e-n-accordion-item-title-icon'>\n\t\t\t<span class='e-opened' ><i aria-hidden=\"true\" class=\"lnr lnr-chevron-up\"><\/i><\/span>\n\t\t\t<span class='e-closed'><i aria-hidden=\"true\" class=\" ti-angle-down\"><\/i><\/span>\n\t\t<\/span>\n\n\t\t\t\t\t\t<\/summary>\n\t\t\t\t<div role=\"region\" aria-labelledby=\"e-n-accordion-item-2361\" class=\"elementor-element elementor-element-ea47e26 e-con-full e-flex e-con e-child\" data-id=\"ea47e26\" data-element_type=\"container\">\n\t\t\t\t<div class=\"elementor-element elementor-element-d87201b elementor-widget elementor-widget-text-editor\" data-id=\"d87201b\" data-element_type=\"widget\" data-widget_type=\"text-editor.default\">\n\t\t\t\t<div class=\"elementor-widget-container\">\n\t\t\t\t\t\t\t\t\t<p>PIMEC i B2Brouter, han firmat un acord de col\u00b7laboraci\u00f3, perqu\u00e8 els usuaris de pimefactura, puguin gaudir de la tecnologia de la plataforma B2Brouter.<\/p>\t\t\t\t\t\t\t\t<\/div>\n\t\t\t\t<\/div>\n\t\t\t\t<\/div>\n\t\t\t\t\t<\/details>\n\t\t\t\t\t\t<details id=\"e-n-accordion-item-2362\" class=\"e-n-accordion-item\" >\n\t\t\t\t<summary class=\"e-n-accordion-item-title\" data-accordion-index=\"3\" tabindex=\"-1\" aria-expanded=\"false\" aria-controls=\"e-n-accordion-item-2362\" >\n\t\t\t\t\t<span class='e-n-accordion-item-title-header'><div class=\"e-n-accordion-item-title-text\"> Perqu\u00e8 B2Brouter? <\/div><\/span>\n\t\t\t\t\t\t\t<span class='e-n-accordion-item-title-icon'>\n\t\t\t<span class='e-opened' ><i aria-hidden=\"true\" class=\"lnr lnr-chevron-up\"><\/i><\/span>\n\t\t\t<span class='e-closed'><i aria-hidden=\"true\" class=\" ti-angle-down\"><\/i><\/span>\n\t\t<\/span>\n\n\t\t\t\t\t\t<\/summary>\n\t\t\t\t<div role=\"region\" aria-labelledby=\"e-n-accordion-item-2362\" class=\"elementor-element elementor-element-a64932e e-con-full e-flex e-con e-child\" data-id=\"a64932e\" data-element_type=\"container\">\n\t\t\t\t<div class=\"elementor-element elementor-element-133751a elementor-widget elementor-widget-text-editor\" data-id=\"133751a\" data-element_type=\"widget\" data-widget_type=\"text-editor.default\">\n\t\t\t\t<div class=\"elementor-widget-container\">\n\t\t\t\t\t\t\t\t\t<p><span data-teams=\"true\">Els canvis normatius previstos per entrar en vigor a partir de gener del 2026 (Lleis Antifrau i Llei Crea i creix), fan que totes les empreses i professionals de l\u2019estat Espanyol, necessitin una soluci\u00f3 adaptada a les noves obligacions, que sigui f\u00e0cil d\u2019utilitzar i a preu moderat.<\/span><\/p><p><strong>B2Brouter<\/strong>, compleix amb tots els requisits exigits per les dos lleis, i ofereix plans adaptats a totes les necessitats, des d&#8217;un Pla Gratu\u00eft, 100% funcional, fins a solucions integrables amb programaris de grans empreses.<\/p><p>Consulteu els plans i prestacions a:\u00a0 \u00a0<a href=\"https:\/\/www.pimefactura.net\/ca\/plans\/\">https:\/\/www.pimefactura.net\/ca\/plans\/<\/a><\/p>\t\t\t\t\t\t\t\t<\/div>\n\t\t\t\t<\/div>\n\t\t\t\t<\/div>\n\t\t\t\t\t<\/details>\n\t\t\t\t\t\t<details id=\"e-n-accordion-item-2363\" class=\"e-n-accordion-item\" >\n\t\t\t\t<summary class=\"e-n-accordion-item-title\" data-accordion-index=\"4\" tabindex=\"-1\" aria-expanded=\"false\" aria-controls=\"e-n-accordion-item-2363\" >\n\t\t\t\t\t<span class='e-n-accordion-item-title-header'><div class=\"e-n-accordion-item-title-text\"> Puc utilitzar B2Brouter de forma gratu\u00efta? <\/div><\/span>\n\t\t\t\t\t\t\t<span class='e-n-accordion-item-title-icon'>\n\t\t\t<span class='e-opened' ><i aria-hidden=\"true\" class=\"lnr lnr-chevron-up\"><\/i><\/span>\n\t\t\t<span class='e-closed'><i aria-hidden=\"true\" class=\" ti-angle-down\"><\/i><\/span>\n\t\t<\/span>\n\n\t\t\t\t\t\t<\/summary>\n\t\t\t\t<div role=\"region\" aria-labelledby=\"e-n-accordion-item-2363\" class=\"elementor-element elementor-element-bbd5a59 e-con-full e-flex e-con e-child\" data-id=\"bbd5a59\" data-element_type=\"container\">\n\t\t\t\t<div class=\"elementor-element elementor-element-aead17b elementor-widget elementor-widget-text-editor\" data-id=\"aead17b\" data-element_type=\"widget\" data-widget_type=\"text-editor.default\">\n\t\t\t\t<div class=\"elementor-widget-container\">\n\t\t\t\t\t\t\t\t\t<p>S\u00ed, B2Brouter disposa d&#8217;una versi\u00f3 limitada gratu\u00efta per provar la plataforma que permet fins a 10 factures anuales.<\/p>\t\t\t\t\t\t\t\t<\/div>\n\t\t\t\t<\/div>\n\t\t\t\t<\/div>\n\t\t\t\t\t<\/details>\n\t\t\t\t\t\t<details id=\"e-n-accordion-item-2364\" class=\"e-n-accordion-item\" >\n\t\t\t\t<summary class=\"e-n-accordion-item-title\" data-accordion-index=\"5\" tabindex=\"-1\" aria-expanded=\"false\" aria-controls=\"e-n-accordion-item-2364\" >\n\t\t\t\t\t<span class='e-n-accordion-item-title-header'><div class=\"e-n-accordion-item-title-text\"> A qui podem enviar factures electr\u00f2niques? <\/div><\/span>\n\t\t\t\t\t\t\t<span class='e-n-accordion-item-title-icon'>\n\t\t\t<span class='e-opened' ><i aria-hidden=\"true\" class=\"lnr lnr-chevron-up\"><\/i><\/span>\n\t\t\t<span class='e-closed'><i aria-hidden=\"true\" class=\" ti-angle-down\"><\/i><\/span>\n\t\t<\/span>\n\n\t\t\t\t\t\t<\/summary>\n\t\t\t\t<div role=\"region\" aria-labelledby=\"e-n-accordion-item-2364\" class=\"elementor-element elementor-element-65d61bf e-con-full e-flex e-con e-child\" data-id=\"65d61bf\" data-element_type=\"container\">\n\t\t\t\t<div class=\"elementor-element elementor-element-c265354 elementor-widget elementor-widget-text-editor\" data-id=\"c265354\" data-element_type=\"widget\" data-widget_type=\"text-editor.default\">\n\t\t\t\t<div class=\"elementor-widget-container\">\n\t\t\t\t\t\t\t\t\t<ul><li>A qualsevol administraci\u00f3 p\u00fablica de l\u2019estat Espanyol en format facturae<\/li><li>A empreses i professionals en format facturae i tamb\u00e9 en format PDF<\/li><\/ul>\t\t\t\t\t\t\t\t<\/div>\n\t\t\t\t<\/div>\n\t\t\t\t<\/div>\n\t\t\t\t\t<\/details>\n\t\t\t\t\t\t<details id=\"e-n-accordion-item-2365\" class=\"e-n-accordion-item\" >\n\t\t\t\t<summary class=\"e-n-accordion-item-title\" data-accordion-index=\"6\" tabindex=\"-1\" aria-expanded=\"false\" aria-controls=\"e-n-accordion-item-2365\" >\n\t\t\t\t\t<span class='e-n-accordion-item-title-header'><div class=\"e-n-accordion-item-title-text\"> Podem rebre factures dels nostres prove\u00efdors? <\/div><\/span>\n\t\t\t\t\t\t\t<span class='e-n-accordion-item-title-icon'>\n\t\t\t<span class='e-opened' ><i aria-hidden=\"true\" class=\"lnr lnr-chevron-up\"><\/i><\/span>\n\t\t\t<span class='e-closed'><i aria-hidden=\"true\" class=\" ti-angle-down\"><\/i><\/span>\n\t\t<\/span>\n\n\t\t\t\t\t\t<\/summary>\n\t\t\t\t<div role=\"region\" aria-labelledby=\"e-n-accordion-item-2365\" class=\"elementor-element elementor-element-05ee776 e-con-full e-flex e-con e-child\" data-id=\"05ee776\" data-element_type=\"container\">\n\t\t\t\t<div class=\"elementor-element elementor-element-88dfe0e elementor-widget elementor-widget-text-editor\" data-id=\"88dfe0e\" data-element_type=\"widget\" data-widget_type=\"text-editor.default\">\n\t\t\t\t<div class=\"elementor-widget-container\">\n\t\t\t\t\t\t\t\t\t<p>B2Brouter gestiona la recepci\u00f3 de factures de prove\u00efdors en formats facturae i PDF<\/p>\t\t\t\t\t\t\t\t<\/div>\n\t\t\t\t<\/div>\n\t\t\t\t<\/div>\n\t\t\t\t\t<\/details>\n\t\t\t\t\t\t<details id=\"e-n-accordion-item-2366\" class=\"e-n-accordion-item\" >\n\t\t\t\t<summary class=\"e-n-accordion-item-title\" data-accordion-index=\"7\" tabindex=\"-1\" aria-expanded=\"false\" aria-controls=\"e-n-accordion-item-2366\" >\n\t\t\t\t\t<span class='e-n-accordion-item-title-header'><div class=\"e-n-accordion-item-title-text\"> Llei Antifrau: Qu\u00e8 \u00e9s el registre inform\u00e0tic de factures? <\/div><\/span>\n\t\t\t\t\t\t\t<span class='e-n-accordion-item-title-icon'>\n\t\t\t<span class='e-opened' ><i aria-hidden=\"true\" class=\"lnr lnr-chevron-up\"><\/i><\/span>\n\t\t\t<span class='e-closed'><i aria-hidden=\"true\" class=\" ti-angle-down\"><\/i><\/span>\n\t\t<\/span>\n\n\t\t\t\t\t\t<\/summary>\n\t\t\t\t<div role=\"region\" aria-labelledby=\"e-n-accordion-item-2366\" class=\"elementor-element elementor-element-b442770 e-con-full e-flex e-con e-child\" data-id=\"b442770\" data-element_type=\"container\">\n\t\t\t\t<div class=\"elementor-element elementor-element-84413f9 elementor-widget elementor-widget-text-editor\" data-id=\"84413f9\" data-element_type=\"widget\" data-widget_type=\"text-editor.default\">\n\t\t\t\t<div class=\"elementor-widget-container\">\n\t\t\t\t\t\t\t\t\t<p>\u00c9s un fitxer inform\u00e0tic qu\u00e8 cont\u00e9 la informaci\u00f3 de totes i cada una de les factures emeses, segons les especificacions requerides per la AEAT, en el moment de crear la factura.<\/p><p><strong>Requisits dels sistemes inform\u00e0tics de facturaci\u00f3.<\/strong><\/p><ul><li>Hauran de garantir la integritat, conservaci\u00f3, accessibilitat, llegibilitat, tra\u00e7abilitat i inalterabilitat dels registres de facturaci\u00f3.<\/li><li><span data-teams=\"true\">Hauran de tenir capacitat de remetre tots els registres de facturaci\u00f3 generats, per mitjans electr\u00f2nics a l&#8217;Administraci\u00f3 tribut\u00e0ria, de forma continuada, segura, correcta, \u00edntegra, autom\u00e0tica, consecutiva, instant\u00e0nia i fefaent.<\/span><\/li><\/ul>\t\t\t\t\t\t\t\t<\/div>\n\t\t\t\t<\/div>\n\t\t\t\t<\/div>\n\t\t\t\t\t<\/details>\n\t\t\t\t\t\t<details id=\"e-n-accordion-item-2367\" class=\"e-n-accordion-item\" >\n\t\t\t\t<summary class=\"e-n-accordion-item-title\" data-accordion-index=\"8\" tabindex=\"-1\" aria-expanded=\"false\" aria-controls=\"e-n-accordion-item-2367\" >\n\t\t\t\t\t<span class='e-n-accordion-item-title-header'><div class=\"e-n-accordion-item-title-text\"> Llei Antifrau: Quan entra en vigor la llei? <\/div><\/span>\n\t\t\t\t\t\t\t<span class='e-n-accordion-item-title-icon'>\n\t\t\t<span class='e-opened' ><i aria-hidden=\"true\" class=\"lnr lnr-chevron-up\"><\/i><\/span>\n\t\t\t<span class='e-closed'><i aria-hidden=\"true\" class=\" ti-angle-down\"><\/i><\/span>\n\t\t<\/span>\n\n\t\t\t\t\t\t<\/summary>\n\t\t\t\t<div role=\"region\" aria-labelledby=\"e-n-accordion-item-2367\" class=\"elementor-element elementor-element-eea1910 e-con-full e-flex e-con e-child\" data-id=\"eea1910\" data-element_type=\"container\">\n\t\t\t\t<div class=\"elementor-element elementor-element-c32aedd elementor-widget elementor-widget-text-editor\" data-id=\"c32aedd\" data-element_type=\"widget\" data-widget_type=\"text-editor.default\">\n\t\t\t\t<div class=\"elementor-widget-container\">\n\t\t\t\t\t\t\t\t\t<p>La data d\u2019entrada en vigor publicada en el BOE \u00e9s l\u20191 de juliol de 2025.<\/p><p>\u00c9s previsible qu\u00e8 el r\u00e8gim sancionador, no s\u2019apliqui fins a l\u20191 de gener del 2026 per a les empreses i l\u20191 de juliol de 2026 per als professionals aut\u00f2noms.<\/p>\t\t\t\t\t\t\t\t<\/div>\n\t\t\t\t<\/div>\n\t\t\t\t<\/div>\n\t\t\t\t\t<\/details>\n\t\t\t\t\t\t<details id=\"e-n-accordion-item-2368\" class=\"e-n-accordion-item\" >\n\t\t\t\t<summary class=\"e-n-accordion-item-title\" data-accordion-index=\"9\" tabindex=\"-1\" aria-expanded=\"false\" aria-controls=\"e-n-accordion-item-2368\" >\n\t\t\t\t\t<span class='e-n-accordion-item-title-header'><div class=\"e-n-accordion-item-title-text\"> Llei Antifrau: Quines s\u00f3n les sancions per incompliment? <\/div><\/span>\n\t\t\t\t\t\t\t<span class='e-n-accordion-item-title-icon'>\n\t\t\t<span class='e-opened' ><i aria-hidden=\"true\" class=\"lnr lnr-chevron-up\"><\/i><\/span>\n\t\t\t<span class='e-closed'><i aria-hidden=\"true\" class=\" ti-angle-down\"><\/i><\/span>\n\t\t<\/span>\n\n\t\t\t\t\t\t<\/summary>\n\t\t\t\t<div role=\"region\" aria-labelledby=\"e-n-accordion-item-2368\" class=\"elementor-element elementor-element-3fbbc34 e-con-full e-flex e-con e-child\" data-id=\"3fbbc34\" data-element_type=\"container\">\n\t\t\t\t<div class=\"elementor-element elementor-element-e9c330c elementor-widget elementor-widget-text-editor\" data-id=\"e9c330c\" data-element_type=\"widget\" data-widget_type=\"text-editor.default\">\n\t\t\t\t<div class=\"elementor-widget-container\">\n\t\t\t\t\t\t\t\t\t<ul><li>Fins a 150.000 \u20ac per a les empreses fabricants de programari de facturaci\u00f3 que incompleixin els requisit exigits.<\/li><li>Fins a 50.000 \u20ac per a les empreses que presentin algun tipus d&#8217;anomalia per cada exercici fiscal d&#8217;utilitzaci\u00f3.<\/li><\/ul>\t\t\t\t\t\t\t\t<\/div>\n\t\t\t\t<\/div>\n\t\t\t\t<\/div>\n\t\t\t\t\t<\/details>\n\t\t\t\t\t\t<details id=\"e-n-accordion-item-2369\" class=\"e-n-accordion-item\" >\n\t\t\t\t<summary class=\"e-n-accordion-item-title\" data-accordion-index=\"10\" tabindex=\"-1\" aria-expanded=\"false\" aria-controls=\"e-n-accordion-item-2369\" >\n\t\t\t\t\t<span class='e-n-accordion-item-title-header'><div class=\"e-n-accordion-item-title-text\"> Llei Antifrau: Qui est\u00e0 obligat <\/div><\/span>\n\t\t\t\t\t\t\t<span class='e-n-accordion-item-title-icon'>\n\t\t\t<span class='e-opened' ><i aria-hidden=\"true\" class=\"lnr lnr-chevron-up\"><\/i><\/span>\n\t\t\t<span class='e-closed'><i aria-hidden=\"true\" class=\" ti-angle-down\"><\/i><\/span>\n\t\t<\/span>\n\n\t\t\t\t\t\t<\/summary>\n\t\t\t\t<div role=\"region\" aria-labelledby=\"e-n-accordion-item-2369\" class=\"elementor-element elementor-element-1e5bd29 e-con-full e-flex e-con e-child\" data-id=\"1e5bd29\" data-element_type=\"container\">\n\t\t\t\t<div class=\"elementor-element elementor-element-5ac5fc8 elementor-widget elementor-widget-text-editor\" data-id=\"5ac5fc8\" data-element_type=\"widget\" data-widget_type=\"text-editor.default\">\n\t\t\t\t<div class=\"elementor-widget-container\">\n\t\t\t\t\t\t\t\t\t<p>Empreses i professional excepte:<\/p><ul><li>Les empreses adherides al Sistema Immediat d\u2019informaci\u00f3 (SII)<\/li><li>Aquells negocis de persones f\u00edsiques (aut\u00f2noms), qu\u00e8 no estiguin obligats a portar llibres comptables.<\/li><\/ul>\t\t\t\t\t\t\t\t<\/div>\n\t\t\t\t<\/div>\n\t\t\t\t<\/div>\n\t\t\t\t\t<\/details>\n\t\t\t\t\t\t<details id=\"e-n-accordion-item-23610\" class=\"e-n-accordion-item\" >\n\t\t\t\t<summary class=\"e-n-accordion-item-title\" data-accordion-index=\"11\" tabindex=\"-1\" aria-expanded=\"false\" aria-controls=\"e-n-accordion-item-23610\" >\n\t\t\t\t\t<span class='e-n-accordion-item-title-header'><div class=\"e-n-accordion-item-title-text\"> Llei Antifrau: Informaci\u00f3 detallada del sistema VERI*FACTU <\/div><\/span>\n\t\t\t\t\t\t\t<span class='e-n-accordion-item-title-icon'>\n\t\t\t<span class='e-opened' ><i aria-hidden=\"true\" class=\"lnr lnr-chevron-up\"><\/i><\/span>\n\t\t\t<span class='e-closed'><i aria-hidden=\"true\" class=\" ti-angle-down\"><\/i><\/span>\n\t\t<\/span>\n\n\t\t\t\t\t\t<\/summary>\n\t\t\t\t<div role=\"region\" aria-labelledby=\"e-n-accordion-item-23610\" class=\"elementor-element elementor-element-8c758cb e-con-full e-flex e-con e-child\" data-id=\"8c758cb\" data-element_type=\"container\">\n\t\t\t\t<div class=\"elementor-element elementor-element-7655285 elementor-widget elementor-widget-text-editor\" data-id=\"7655285\" data-element_type=\"widget\" data-widget_type=\"text-editor.default\">\n\t\t\t\t<div class=\"elementor-widget-container\">\n\t\t\t\t\t\t\t\t\t<p>Podeu consultar a:<\/p><p><a href=\"https:\/\/sede.agenciatributaria.gob.es\/Sede\/ca_es\/iva\/sistemas-informaticos-facturacion-verifactu\/preguntas-frecuentes\/cuestiones-generales-conceptos-definiciones.html\">https:\/\/sede.agenciatributaria.gob.es\/Sede\/ca_es\/iva\/sistemas-informaticos-facturacion-verifactu\/preguntas-frecuentes\/cuestiones-generales-conceptos-definiciones.html<\/a><\/p>\t\t\t\t\t\t\t\t<\/div>\n\t\t\t\t<\/div>\n\t\t\t\t<\/div>\n\t\t\t\t\t<\/details>\n\t\t\t\t\t\t<details id=\"e-n-accordion-item-23611\" class=\"e-n-accordion-item\" >\n\t\t\t\t<summary class=\"e-n-accordion-item-title\" data-accordion-index=\"12\" tabindex=\"-1\" aria-expanded=\"false\" aria-controls=\"e-n-accordion-item-23611\" >\n\t\t\t\t\t<span class='e-n-accordion-item-title-header'><div class=\"e-n-accordion-item-title-text\"> Llei Crea i creix: format electr\u00f2nic de factures. A qui afecta? <\/div><\/span>\n\t\t\t\t\t\t\t<span class='e-n-accordion-item-title-icon'>\n\t\t\t<span class='e-opened' ><i aria-hidden=\"true\" class=\"lnr lnr-chevron-up\"><\/i><\/span>\n\t\t\t<span class='e-closed'><i aria-hidden=\"true\" class=\" ti-angle-down\"><\/i><\/span>\n\t\t<\/span>\n\n\t\t\t\t\t\t<\/summary>\n\t\t\t\t<div role=\"region\" aria-labelledby=\"e-n-accordion-item-23611\" class=\"elementor-element elementor-element-076d8f9 e-con-full e-flex e-con e-child\" data-id=\"076d8f9\" data-element_type=\"container\">\n\t\t\t\t<div class=\"elementor-element elementor-element-8ad701c elementor-widget elementor-widget-text-editor\" data-id=\"8ad701c\" data-element_type=\"widget\" data-widget_type=\"text-editor.default\">\n\t\t\t\t<div class=\"elementor-widget-container\">\n\t\t\t\t\t\t\t\t\t<p>Totes les empreses i els professionals estaran obligats a emetre i transmetre les factures electr\u00f2niques als seus clients, de tipus empreses i professionals i a rebre-les dels seus prove\u00efdors.<br \/><br \/><strong>Excepcions:<\/strong><\/p><ul><li>Si una de les parts t\u00e9 la seva seu fora de territori espanyol o no tingui en el mateix un establiment permanent al qual es dirigeixi la facturaci\u00f3 o, en defecte, el lloc del seu domicili o resid\u00e8ncia habitual.<\/li><li>Si es tracta d\u2019una factura simplificada<\/li><\/ul>\t\t\t\t\t\t\t\t<\/div>\n\t\t\t\t<\/div>\n\t\t\t\t<\/div>\n\t\t\t\t\t<\/details>\n\t\t\t\t\t\t<details id=\"e-n-accordion-item-23612\" class=\"e-n-accordion-item\" >\n\t\t\t\t<summary class=\"e-n-accordion-item-title\" data-accordion-index=\"13\" tabindex=\"-1\" aria-expanded=\"false\" aria-controls=\"e-n-accordion-item-23612\" >\n\t\t\t\t\t<span class='e-n-accordion-item-title-header'><div class=\"e-n-accordion-item-title-text\"> Llei Crea i creix: format electr\u00f2nic de factures. Format exigit <\/div><\/span>\n\t\t\t\t\t\t\t<span class='e-n-accordion-item-title-icon'>\n\t\t\t<span class='e-opened' ><i aria-hidden=\"true\" class=\"lnr lnr-chevron-up\"><\/i><\/span>\n\t\t\t<span class='e-closed'><i aria-hidden=\"true\" class=\" ti-angle-down\"><\/i><\/span>\n\t\t<\/span>\n\n\t\t\t\t\t\t<\/summary>\n\t\t\t\t<div role=\"region\" aria-labelledby=\"e-n-accordion-item-23612\" class=\"elementor-element elementor-element-625cb25 e-con-full e-flex e-con e-child\" data-id=\"625cb25\" data-element_type=\"container\">\n\t\t\t\t<div class=\"elementor-element elementor-element-e948f5e elementor-widget elementor-widget-text-editor\" data-id=\"e948f5e\" data-element_type=\"widget\" data-widget_type=\"text-editor.default\">\n\t\t\t\t<div class=\"elementor-widget-container\">\n\t\t\t\t\t\t\t\t\t<ul><li>Format Facturae<\/li><li>Totes les factures electr\u00f2niques hauran d\u2019estar signades mitjan\u00e7ant signatura electr\u00f2nica per part de l&#8217;emissor<\/li><li>S\u2019han d&#8217;identificar amb un codi \u00fanic, que contindr\u00e0: NIF de l&#8217;emissor, n\u00famero i s\u00e8rie de la factura i data d&#8217;expedici\u00f3 de la factura.<\/li><\/ul>\t\t\t\t\t\t\t\t<\/div>\n\t\t\t\t<\/div>\n\t\t\t\t<\/div>\n\t\t\t\t\t<\/details>\n\t\t\t\t\t\t<details id=\"e-n-accordion-item-23613\" class=\"e-n-accordion-item\" >\n\t\t\t\t<summary class=\"e-n-accordion-item-title\" data-accordion-index=\"14\" tabindex=\"-1\" aria-expanded=\"false\" aria-controls=\"e-n-accordion-item-23613\" >\n\t\t\t\t\t<span class='e-n-accordion-item-title-header'><div class=\"e-n-accordion-item-title-text\"> Llei Crea i creix: format electr\u00f2nic de factures. Quan entra en vigor?  <\/div><\/span>\n\t\t\t\t\t\t\t<span class='e-n-accordion-item-title-icon'>\n\t\t\t<span class='e-opened' ><i aria-hidden=\"true\" class=\"lnr lnr-chevron-up\"><\/i><\/span>\n\t\t\t<span class='e-closed'><i aria-hidden=\"true\" class=\" ti-angle-down\"><\/i><\/span>\n\t\t<\/span>\n\n\t\t\t\t\t\t<\/summary>\n\t\t\t\t<div role=\"region\" aria-labelledby=\"e-n-accordion-item-23613\" class=\"elementor-element elementor-element-504169e e-con-full e-flex e-con e-child\" data-id=\"504169e\" data-element_type=\"container\">\n\t\t\t\t<div class=\"elementor-element elementor-element-d81fcac elementor-widget elementor-widget-text-editor\" data-id=\"d81fcac\" data-element_type=\"widget\" data-widget_type=\"text-editor.default\">\n\t\t\t\t<div class=\"elementor-widget-container\">\n\t\t\t\t\t\t\t\t\t<ul><li>Per a administracions p\u00fabliques, ja est\u00e0 en vigor. No aplica aquesta llei.<\/li><li>Per a empreses i professionals que facturen m\u00e9s de 8M d\u2019euros, al cap de 12 mesos de la publicaci\u00f3 al BOE del Reglament regulador.<\/li><li>Per a empreses i professionals que facturen menys de 8M d\u2019euros, al cap de 24 mesos de la publicaci\u00f3 al BOE del Reglament regulador.<\/li><\/ul>\t\t\t\t\t\t\t\t<\/div>\n\t\t\t\t<\/div>\n\t\t\t\t<\/div>\n\t\t\t\t\t<\/details>\n\t\t\t\t\t<\/div>\n\t\t\t\t\t\t<\/div>\n\t\t\t\t<\/div>\n\t\t\t\t\t<\/div>\n\t\t\t\t<\/div>\n\t\t\t\t<\/div>\n\t\t","protected":false},"excerpt":{"rendered":"<p>Preguntes freq\u00fcents COMEN\u00c7AR GRATIS Qui som PIMEC \u00e9s l\u2019organitzaci\u00f3 empresarial m\u00e9s representativa de Catalunya que representa i defensa els interessos de les micro, petites i mitjanes empreses i persones aut\u00f2nomes, i treballa per afavorir el creixement empresarial i la competitivitat en benefici del progr\u00e9s social i econ\u00f2mic del pa\u00eds. B2Brouter, \u00e9s una empresa tecnol\u00f2gica amb [&hellip;]<\/p>\n","protected":false},"author":1,"featured_media":0,"parent":0,"menu_order":0,"comment_status":"closed","ping_status":"closed","template":"","meta":{"footnotes":""},"class_list":["post-1034","page","type-page","status-publish","hentry"],"yoast_head":"<!-- This site is optimized with the Yoast SEO plugin v24.2 - https:\/\/yoast.com\/wordpress\/plugins\/seo\/ -->\n<title>Preguntes freq\u00fcents - Pimefactura<\/title>\n<meta name=\"robots\" content=\"index, follow, max-snippet:-1, max-image-preview:large, max-video-preview:-1\" \/>\n<link rel=\"canonical\" href=\"https:\/\/www.pimefactura.net\/ca\/preguntes-frequents\/\" \/>\n<meta property=\"og:locale\" content=\"ca_ES\" \/>\n<meta property=\"og:type\" content=\"article\" \/>\n<meta property=\"og:title\" content=\"Preguntes freq\u00fcents - Pimefactura\" \/>\n<meta property=\"og:description\" content=\"Preguntes freq\u00fcents COMEN\u00c7AR GRATIS Qui som PIMEC \u00e9s l\u2019organitzaci\u00f3 empresarial m\u00e9s representativa de Catalunya que representa i defensa els interessos de les micro, petites i mitjanes empreses i persones aut\u00f2nomes, i treballa per afavorir el creixement empresarial i la competitivitat en benefici del progr\u00e9s social i econ\u00f2mic del pa\u00eds. B2Brouter, \u00e9s una empresa tecnol\u00f2gica amb [&hellip;]\" \/>\n<meta property=\"og:url\" content=\"https:\/\/www.pimefactura.net\/ca\/preguntes-frequents\/\" \/>\n<meta property=\"og:site_name\" content=\"Pimefactura\" \/>\n<meta property=\"article:modified_time\" content=\"2025-09-05T07:40:30+00:00\" \/>\n<meta name=\"twitter:card\" content=\"summary_large_image\" \/>\n<meta name=\"twitter:label1\" content=\"Temps estimat de lectura\" \/>\n\t<meta name=\"twitter:data1\" content=\"8 minuts\" \/>\n<script type=\"application\/ld+json\" class=\"yoast-schema-graph\">{\"@context\":\"https:\/\/schema.org\",\"@graph\":[{\"@type\":\"WebPage\",\"@id\":\"https:\/\/www.pimefactura.net\/ca\/preguntes-frequents\/\",\"url\":\"https:\/\/www.pimefactura.net\/ca\/preguntes-frequents\/\",\"name\":\"Preguntes freq\u00fcents - Pimefactura\",\"isPartOf\":{\"@id\":\"https:\/\/www.pimefactura.net\/ca\/#website\"},\"datePublished\":\"2025-01-16T21:02:22+00:00\",\"dateModified\":\"2025-09-05T07:40:30+00:00\",\"breadcrumb\":{\"@id\":\"https:\/\/www.pimefactura.net\/ca\/preguntes-frequents\/#breadcrumb\"},\"inLanguage\":\"ca\",\"potentialAction\":[{\"@type\":\"ReadAction\",\"target\":[\"https:\/\/www.pimefactura.net\/ca\/preguntes-frequents\/\"]}]},{\"@type\":\"BreadcrumbList\",\"@id\":\"https:\/\/www.pimefactura.net\/ca\/preguntes-frequents\/#breadcrumb\",\"itemListElement\":[{\"@type\":\"ListItem\",\"position\":1,\"name\":\"Inicio\",\"item\":\"https:\/\/www.pimefactura.net\/ca\/\"},{\"@type\":\"ListItem\",\"position\":2,\"name\":\"Preguntes freq\u00fcents\"}]},{\"@type\":\"WebSite\",\"@id\":\"https:\/\/www.pimefactura.net\/ca\/#website\",\"url\":\"https:\/\/www.pimefactura.net\/ca\/\",\"name\":\"Pimefactura\",\"description\":\"\",\"publisher\":{\"@id\":\"https:\/\/www.pimefactura.net\/ca\/#organization\"},\"potentialAction\":[{\"@type\":\"SearchAction\",\"target\":{\"@type\":\"EntryPoint\",\"urlTemplate\":\"https:\/\/www.pimefactura.net\/ca\/?s={search_term_string}\"},\"query-input\":{\"@type\":\"PropertyValueSpecification\",\"valueRequired\":true,\"valueName\":\"search_term_string\"}}],\"inLanguage\":\"ca\"},{\"@type\":\"Organization\",\"@id\":\"https:\/\/www.pimefactura.net\/ca\/#organization\",\"name\":\"Pimefactura\",\"url\":\"https:\/\/www.pimefactura.net\/ca\/\",\"logo\":{\"@type\":\"ImageObject\",\"inLanguage\":\"ca\",\"@id\":\"https:\/\/www.pimefactura.net\/ca\/#\/schema\/logo\/image\/\",\"url\":\"https:\/\/www.pimefactura.net\/wp-content\/uploads\/2024\/04\/Pimec.png\",\"contentUrl\":\"https:\/\/www.pimefactura.net\/wp-content\/uploads\/2024\/04\/Pimec.png\",\"width\":742,\"height\":251,\"caption\":\"Pimefactura\"},\"image\":{\"@id\":\"https:\/\/www.pimefactura.net\/ca\/#\/schema\/logo\/image\/\"}}]}<\/script>\n<!-- \/ Yoast SEO plugin. -->","yoast_head_json":{"title":"Preguntes freq\u00fcents - Pimefactura","robots":{"index":"index","follow":"follow","max-snippet":"max-snippet:-1","max-image-preview":"max-image-preview:large","max-video-preview":"max-video-preview:-1"},"canonical":"https:\/\/www.pimefactura.net\/ca\/preguntes-frequents\/","og_locale":"ca_ES","og_type":"article","og_title":"Preguntes freq\u00fcents - Pimefactura","og_description":"Preguntes freq\u00fcents COMEN\u00c7AR GRATIS Qui som PIMEC \u00e9s l\u2019organitzaci\u00f3 empresarial m\u00e9s representativa de Catalunya que representa i defensa els interessos de les micro, petites i mitjanes empreses i persones aut\u00f2nomes, i treballa per afavorir el creixement empresarial i la competitivitat en benefici del progr\u00e9s social i econ\u00f2mic del pa\u00eds. B2Brouter, \u00e9s una empresa tecnol\u00f2gica amb [&hellip;]","og_url":"https:\/\/www.pimefactura.net\/ca\/preguntes-frequents\/","og_site_name":"Pimefactura","article_modified_time":"2025-09-05T07:40:30+00:00","twitter_card":"summary_large_image","twitter_misc":{"Temps estimat de lectura":"8 minuts"},"schema":{"@context":"https:\/\/schema.org","@graph":[{"@type":"WebPage","@id":"https:\/\/www.pimefactura.net\/ca\/preguntes-frequents\/","url":"https:\/\/www.pimefactura.net\/ca\/preguntes-frequents\/","name":"Preguntes freq\u00fcents - Pimefactura","isPartOf":{"@id":"https:\/\/www.pimefactura.net\/ca\/#website"},"datePublished":"2025-01-16T21:02:22+00:00","dateModified":"2025-09-05T07:40:30+00:00","breadcrumb":{"@id":"https:\/\/www.pimefactura.net\/ca\/preguntes-frequents\/#breadcrumb"},"inLanguage":"ca","potentialAction":[{"@type":"ReadAction","target":["https:\/\/www.pimefactura.net\/ca\/preguntes-frequents\/"]}]},{"@type":"BreadcrumbList","@id":"https:\/\/www.pimefactura.net\/ca\/preguntes-frequents\/#breadcrumb","itemListElement":[{"@type":"ListItem","position":1,"name":"Inicio","item":"https:\/\/www.pimefactura.net\/ca\/"},{"@type":"ListItem","position":2,"name":"Preguntes freq\u00fcents"}]},{"@type":"WebSite","@id":"https:\/\/www.pimefactura.net\/ca\/#website","url":"https:\/\/www.pimefactura.net\/ca\/","name":"Pimefactura","description":"","publisher":{"@id":"https:\/\/www.pimefactura.net\/ca\/#organization"},"potentialAction":[{"@type":"SearchAction","target":{"@type":"EntryPoint","urlTemplate":"https:\/\/www.pimefactura.net\/ca\/?s={search_term_string}"},"query-input":{"@type":"PropertyValueSpecification","valueRequired":true,"valueName":"search_term_string"}}],"inLanguage":"ca"},{"@type":"Organization","@id":"https:\/\/www.pimefactura.net\/ca\/#organization","name":"Pimefactura","url":"https:\/\/www.pimefactura.net\/ca\/","logo":{"@type":"ImageObject","inLanguage":"ca","@id":"https:\/\/www.pimefactura.net\/ca\/#\/schema\/logo\/image\/","url":"https:\/\/www.pimefactura.net\/wp-content\/uploads\/2024\/04\/Pimec.png","contentUrl":"https:\/\/www.pimefactura.net\/wp-content\/uploads\/2024\/04\/Pimec.png","width":742,"height":251,"caption":"Pimefactura"},"image":{"@id":"https:\/\/www.pimefactura.net\/ca\/#\/schema\/logo\/image\/"}}]}},"_links":{"self":[{"href":"https:\/\/www.pimefactura.net\/ca\/wp-json\/wp\/v2\/pages\/1034","targetHints":{"allow":["GET"]}}],"collection":[{"href":"https:\/\/www.pimefactura.net\/ca\/wp-json\/wp\/v2\/pages"}],"about":[{"href":"https:\/\/www.pimefactura.net\/ca\/wp-json\/wp\/v2\/types\/page"}],"author":[{"embeddable":true,"href":"https:\/\/www.pimefactura.net\/ca\/wp-json\/wp\/v2\/users\/1"}],"replies":[{"embeddable":true,"href":"https:\/\/www.pimefactura.net\/ca\/wp-json\/wp\/v2\/comments?post=1034"}],"version-history":[{"count":28,"href":"https:\/\/www.pimefactura.net\/ca\/wp-json\/wp\/v2\/pages\/1034\/revisions"}],"predecessor-version":[{"id":1403,"href":"https:\/\/www.pimefactura.net\/ca\/wp-json\/wp\/v2\/pages\/1034\/revisions\/1403"}],"wp:attachment":[{"href":"https:\/\/www.pimefactura.net\/ca\/wp-json\/wp\/v2\/media?parent=1034"}],"curies":[{"name":"wp","href":"https:\/\/api.w.org\/{rel}","templated":true}]}}